{"id":13582,"date":"2026-03-04T08:24:51","date_gmt":"2026-03-04T08:24:51","guid":{"rendered":"https:\/\/www.bekaformation.fr\/pro-formation-professionnelle-dordogne-beka-formation\/?page_id=13582"},"modified":"2026-03-04T08:25:40","modified_gmt":"2026-03-04T08:25:40","slug":"politique-de-confidentialite-evenement-pcm-power","status":"publish","type":"page","link":"https:\/\/www.bekaformation.fr\/pro-formation-professionnelle-dordogne-beka-formation\/politique-de-confidentialite-evenement-pcm-power\/","title":{"rendered":"Politique de confidentialit\u00e9 &#8211; Ev\u00e8nement PCM Power"},"content":{"rendered":"\t\t<div data-elementor-type=\"wp-page\" data-elementor-id=\"13582\" class=\"elementor elementor-13582\">\n\t\t\t\t\t\t<section class=\"elementor-section elementor-top-section elementor-element elementor-element-ee8a369 elementor-section-boxed elementor-section-height-default elementor-section-height-default\" data-id=\"ee8a369\" data-element_type=\"section\" data-e-type=\"section\">\n\t\t\t\t\t\t<div class=\"elementor-container elementor-column-gap-default\">\n\t\t\t\t\t<div class=\"elementor-column elementor-col-100 elementor-top-column elementor-element elementor-element-4ace964\" data-id=\"4ace964\" data-element_type=\"column\" data-e-type=\"column\">\n\t\t\t<div class=\"elementor-widget-wrap elementor-element-populated\">\n\t\t\t\t\t\t<div class=\"elementor-element elementor-element-91778e0 elementor-widget elementor-widget-text-editor\" data-id=\"91778e0\" data-element_type=\"widget\" data-e-type=\"widget\" data-widget_type=\"text-editor.default\">\n\t\t\t\t<div class=\"elementor-widget-container\">\n\t\t\t\t\t\t\t\t\t<h1 data-start=\"84\" data-end=\"136\">Politique de confidentialit\u00e9 \u2013 \u00c9v\u00e9nement PCM Power<\/h1><h2 data-start=\"138\" data-end=\"169\">1. Responsable du traitement<\/h2><p data-start=\"170\" data-end=\"271\">Les donn\u00e9es collect\u00e9es dans le cadre de l\u2019inscription \u00e0 l\u2019\u00e9v\u00e9nement <strong data-start=\"238\" data-end=\"251\">PCM Power<\/strong> sont trait\u00e9es par :<\/p><p data-start=\"273\" data-end=\"366\"><strong data-start=\"273\" data-end=\"291\">BEKA Formation<\/strong><br data-start=\"291\" data-end=\"294\" \/>Pr\u00e9sidente : Karine Buffard<br data-start=\"321\" data-end=\"324\" \/>Organisme de formation \u2013 Bergerac (France)<\/p><p data-start=\"368\" data-end=\"460\">Pour toute question relative \u00e0 la protection des donn\u00e9es :<br data-start=\"426\" data-end=\"429\" \/>\ud83d\udce7 <strong data-start=\"432\" data-end=\"460\"><a class=\"decorated-link cursor-pointer\" rel=\"noopener\" data-start=\"434\" data-end=\"458\">contact@bekaformation.fr<\/a><\/strong><\/p><hr data-start=\"462\" data-end=\"465\" \/><h2 data-start=\"467\" data-end=\"491\">2. Donn\u00e9es collect\u00e9es<\/h2><p data-start=\"492\" data-end=\"655\">Dans le cadre de l\u2019inscription \u00e0 cet \u00e9v\u00e9nement via LinkedIn ou via les outils associ\u00e9s (ex : prise de rendez-vous), les donn\u00e9es suivantes peuvent \u00eatre collect\u00e9es :<\/p><ul data-start=\"657\" data-end=\"772\"><li data-start=\"657\" data-end=\"674\"><p data-start=\"659\" data-end=\"674\">Nom et pr\u00e9nom<\/p><\/li><li data-start=\"675\" data-end=\"692\"><p data-start=\"677\" data-end=\"692\">Adresse email<\/p><\/li><li data-start=\"693\" data-end=\"718\"><p data-start=\"695\" data-end=\"718\">Fonction \/ entreprise<\/p><\/li><li data-start=\"719\" data-end=\"772\"><p data-start=\"721\" data-end=\"772\">Informations li\u00e9es \u00e0 la participation \u00e0 l\u2019\u00e9v\u00e9nement<\/p><\/li><\/ul><p data-start=\"774\" data-end=\"902\">Ces donn\u00e9es sont fournies volontairement par les participants lors de leur inscription ou de leurs \u00e9changes avec l\u2019organisateur.<\/p><hr data-start=\"904\" data-end=\"907\" \/><h2 data-start=\"909\" data-end=\"938\">3. Finalit\u00e9s du traitement<\/h2><p data-start=\"939\" data-end=\"984\">Les donn\u00e9es sont collect\u00e9es uniquement pour :<\/p><ul data-start=\"986\" data-end=\"1254\"><li data-start=\"986\" data-end=\"1052\"><p data-start=\"988\" data-end=\"1052\">g\u00e9rer l\u2019inscription et l\u2019organisation de l\u2019\u00e9v\u00e9nement PCM Power<\/p><\/li><li data-start=\"1053\" data-end=\"1119\"><p data-start=\"1055\" data-end=\"1119\">communiquer les informations pratiques relatives \u00e0 l\u2019\u00e9v\u00e9nement<\/p><\/li><li data-start=\"1120\" data-end=\"1211\"><p data-start=\"1122\" data-end=\"1211\">proposer, le cas \u00e9ch\u00e9ant, un \u00e9change ou un rendez-vous professionnel li\u00e9 \u00e0 la formation<\/p><\/li><li data-start=\"1212\" data-end=\"1254\"><p data-start=\"1214\" data-end=\"1254\">assurer le suivi des demandes de contact<\/p><\/li><\/ul><p data-start=\"1256\" data-end=\"1332\">Aucune donn\u00e9e n\u2019est vendue ni transmise \u00e0 des tiers \u00e0 des fins commerciales.<\/p><hr data-start=\"1334\" data-end=\"1337\" \/><h2 data-start=\"1339\" data-end=\"1370\">4. Base l\u00e9gale du traitement<\/h2><p data-start=\"1371\" data-end=\"1409\">Le traitement des donn\u00e9es repose sur :<\/p><ul data-start=\"1411\" data-end=\"1583\"><li data-start=\"1411\" data-end=\"1476\"><p data-start=\"1413\" data-end=\"1476\"><strong data-start=\"1413\" data-end=\"1449\">le consentement des participants<\/strong> lors de leur inscription<\/p><\/li><li data-start=\"1477\" data-end=\"1583\"><p data-start=\"1479\" data-end=\"1583\"><strong data-start=\"1479\" data-end=\"1501\">l\u2019int\u00e9r\u00eat l\u00e9gitime<\/strong> de BEKA Formation pour organiser l\u2019\u00e9v\u00e9nement et r\u00e9pondre aux demandes de contact.<\/p><\/li><\/ul><hr data-start=\"1585\" data-end=\"1588\" \/><h2 data-start=\"1590\" data-end=\"1617\">5. Dur\u00e9e de conservation<\/h2><p data-start=\"1618\" data-end=\"1773\">Les donn\u00e9es sont conserv\u00e9es pendant une dur\u00e9e maximale de <strong data-start=\"1676\" data-end=\"1710\">3 ans apr\u00e8s le dernier contact<\/strong> avec la personne concern\u00e9e, sauf obligation l\u00e9gale diff\u00e9rente.<\/p><hr data-start=\"1775\" data-end=\"1778\" \/><h2 data-start=\"1780\" data-end=\"1811\">6. Destinataires des donn\u00e9es<\/h2><p data-start=\"1812\" data-end=\"1905\">Les donn\u00e9es sont destin\u00e9es uniquement \u00e0 <strong data-start=\"1852\" data-end=\"1870\">BEKA Formation<\/strong> et ne sont pas c\u00e9d\u00e9es \u00e0 des tiers.<\/p><p data-start=\"1907\" data-end=\"2061\">Certaines informations peuvent \u00eatre h\u00e9berg\u00e9es par les plateformes utilis\u00e9es pour l\u2019organisation de l\u2019\u00e9v\u00e9nement (LinkedIn, outils de prise de rendez-vous).<\/p><hr data-start=\"2063\" data-end=\"2066\" \/><h2 data-start=\"2068\" data-end=\"2094\">7. Droits des personnes<\/h2><p data-start=\"2095\" data-end=\"2219\">Conform\u00e9ment au <strong data-start=\"2111\" data-end=\"2169\">R\u00e8glement G\u00e9n\u00e9ral sur la Protection des Donn\u00e9es (RGPD)<\/strong>, chaque participant dispose des droits suivants :<\/p><ul data-start=\"2221\" data-end=\"2349\"><li data-start=\"2221\" data-end=\"2238\"><p data-start=\"2223\" data-end=\"2238\">droit d\u2019acc\u00e8s<\/p><\/li><li data-start=\"2239\" data-end=\"2265\"><p data-start=\"2241\" data-end=\"2265\">droit de rectification<\/p><\/li><li data-start=\"2266\" data-end=\"2288\"><p data-start=\"2268\" data-end=\"2288\">droit d\u2019effacement<\/p><\/li><li data-start=\"2289\" data-end=\"2311\"><p data-start=\"2291\" data-end=\"2311\">droit d\u2019opposition<\/p><\/li><li data-start=\"2312\" data-end=\"2349\"><p data-start=\"2314\" data-end=\"2349\">droit \u00e0 la limitation du traitement<\/p><\/li><\/ul><p data-start=\"2351\" data-end=\"2433\">Pour exercer ces droits, vous pouvez contacter :<br data-start=\"2399\" data-end=\"2402\" \/>\ud83d\udce7 <strong data-start=\"2405\" data-end=\"2433\"><a class=\"decorated-link cursor-pointer\" rel=\"noopener\" data-start=\"2407\" data-end=\"2431\">contact@bekaformation.fr<\/a><\/strong><\/p><p data-start=\"2435\" data-end=\"2530\">Si vous estimez que vos droits ne sont pas respect\u00e9s, vous pouvez \u00e9galement saisir la <strong data-start=\"2521\" data-end=\"2529\">CNIL<\/strong>.<\/p>\t\t\t\t\t\t\t\t<\/div>\n\t\t\t\t<\/div>\n\t\t\t\t\t<\/div>\n\t\t<\/div>\n\t\t\t\t\t<\/div>\n\t\t<\/section>\n\t\t\t\t<\/div>\n\t\t","protected":false},"excerpt":{"rendered":"<p>Politique de confidentialit\u00e9 \u2013 \u00c9v\u00e9nement PCM Power 1. Responsable du traitement Les donn\u00e9es collect\u00e9es dans le cadre de l\u2019inscription \u00e0 l\u2019\u00e9v\u00e9nement PCM Power sont trait\u00e9es par : BEKA FormationPr\u00e9sidente : Karine BuffardOrganisme de formation \u2013 Bergerac (France) Pour toute question relative \u00e0 la protection des donn\u00e9es :\ud83d\udce7 contact@bekaformation.fr 2. Donn\u00e9es collect\u00e9es Dans le cadre de &#8230; <a title=\"Politique de confidentialit\u00e9 &#8211; Ev\u00e8nement PCM Power\" class=\"read-more\" href=\"https:\/\/www.bekaformation.fr\/pro-formation-professionnelle-dordogne-beka-formation\/politique-de-confidentialite-evenement-pcm-power\/\" aria-label=\"En savoir plus sur Politique de confidentialit\u00e9 &#8211; Ev\u00e8nement PCM Power\">Lire la suite<\/a><\/p>\n","protected":false},"author":1,"featured_media":0,"parent":0,"menu_order":0,"comment_status":"closed","ping_status":"closed","template":"","meta":{"_eb_attr":"","footnotes":""},"class_list":["post-13582","page","type-page","status-publish"],"yoast_head":"<!-- This site is optimized with the Yoast SEO plugin v27.4 - https:\/\/yoast.com\/product\/yoast-seo-wordpress\/ -->\n<title>Politique de confidentialit\u00e9 - Ev\u00e8nement PCM Power -<\/title>\n<meta name=\"robots\" content=\"index, follow, max-snippet:-1, max-image-preview:large, max-video-preview:-1\" \/>\n<link rel=\"canonical\" href=\"https:\/\/www.bekaformation.fr\/pro-formation-professionnelle-dordogne-beka-formation\/politique-de-confidentialite-evenement-pcm-power\/\" \/>\n<meta property=\"og:locale\" content=\"fr_FR\" \/>\n<meta property=\"og:type\" content=\"article\" \/>\n<meta property=\"og:title\" content=\"Politique de confidentialit\u00e9 - Ev\u00e8nement PCM Power -\" \/>\n<meta property=\"og:description\" content=\"Politique de confidentialit\u00e9 \u2013 \u00c9v\u00e9nement PCM Power 1. Responsable du traitement Les donn\u00e9es collect\u00e9es dans le cadre de l\u2019inscription \u00e0 l\u2019\u00e9v\u00e9nement PCM Power sont trait\u00e9es par : BEKA FormationPr\u00e9sidente : Karine BuffardOrganisme de formation \u2013 Bergerac (France) Pour toute question relative \u00e0 la protection des donn\u00e9es :\ud83d\udce7 contact@bekaformation.fr 2. Donn\u00e9es collect\u00e9es Dans le cadre de ... Lire la suite\" \/>\n<meta property=\"og:url\" content=\"https:\/\/www.bekaformation.fr\/pro-formation-professionnelle-dordogne-beka-formation\/politique-de-confidentialite-evenement-pcm-power\/\" \/>\n<meta property=\"article:publisher\" content=\"https:\/\/www.facebook.com\/bekaformation\" \/>\n<meta property=\"article:modified_time\" content=\"2026-03-04T08:25:40+00:00\" \/>\n<meta property=\"og:image\" content=\"https:\/\/i0.wp.com\/www.bekaformation.fr\/wp-content\/uploads\/2021\/09\/Copie-de-BEKA-e1630487487763.png?fit=200%2C200&ssl=1\" \/>\n\t<meta property=\"og:image:width\" content=\"200\" \/>\n\t<meta property=\"og:image:height\" content=\"200\" \/>\n\t<meta property=\"og:image:type\" content=\"image\/png\" \/>\n<meta name=\"twitter:card\" content=\"summary_large_image\" \/>\n<meta name=\"twitter:label1\" content=\"Dur\u00e9e de lecture estim\u00e9e\" \/>\n\t<meta name=\"twitter:data1\" content=\"2 minutes\" \/>\n<script type=\"application\/ld+json\" class=\"yoast-schema-graph\">{\"@context\":\"https:\\\/\\\/schema.org\",\"@graph\":[{\"@type\":\"WebPage\",\"@id\":\"https:\\\/\\\/www.bekaformation.fr\\\/pro-formation-professionnelle-dordogne-beka-formation\\\/politique-de-confidentialite-evenement-pcm-power\\\/\",\"url\":\"https:\\\/\\\/www.bekaformation.fr\\\/pro-formation-professionnelle-dordogne-beka-formation\\\/politique-de-confidentialite-evenement-pcm-power\\\/\",\"name\":\"Politique de confidentialit\u00e9 - Ev\u00e8nement PCM Power -\",\"isPartOf\":{\"@id\":\"https:\\\/\\\/www.bekaformation.fr\\\/pro-formation-professionnelle-dordogne-beka-formation\\\/#website\"},\"datePublished\":\"2026-03-04T08:24:51+00:00\",\"dateModified\":\"2026-03-04T08:25:40+00:00\",\"breadcrumb\":{\"@id\":\"https:\\\/\\\/www.bekaformation.fr\\\/pro-formation-professionnelle-dordogne-beka-formation\\\/politique-de-confidentialite-evenement-pcm-power\\\/#breadcrumb\"},\"inLanguage\":\"fr-FR\",\"potentialAction\":[{\"@type\":\"ReadAction\",\"target\":[\"https:\\\/\\\/www.bekaformation.fr\\\/pro-formation-professionnelle-dordogne-beka-formation\\\/politique-de-confidentialite-evenement-pcm-power\\\/\"]}]},{\"@type\":\"BreadcrumbList\",\"@id\":\"https:\\\/\\\/www.bekaformation.fr\\\/pro-formation-professionnelle-dordogne-beka-formation\\\/politique-de-confidentialite-evenement-pcm-power\\\/#breadcrumb\",\"itemListElement\":[{\"@type\":\"ListItem\",\"position\":1,\"name\":\"Accueil\",\"item\":\"https:\\\/\\\/www.bekaformation.fr\\\/pro-formation-professionnelle-dordogne-beka-formation\\\/\"},{\"@type\":\"ListItem\",\"position\":2,\"name\":\"Politique de confidentialit\u00e9 &#8211; Ev\u00e8nement PCM Power\"}]},{\"@type\":\"WebSite\",\"@id\":\"https:\\\/\\\/www.bekaformation.fr\\\/pro-formation-professionnelle-dordogne-beka-formation\\\/#website\",\"url\":\"https:\\\/\\\/www.bekaformation.fr\\\/pro-formation-professionnelle-dordogne-beka-formation\\\/\",\"name\":\"Beka Formation\",\"description\":\"Formation professionnelle Dordogne\",\"publisher\":{\"@id\":\"https:\\\/\\\/www.bekaformation.fr\\\/pro-formation-professionnelle-dordogne-beka-formation\\\/#organization\"},\"potentialAction\":[{\"@type\":\"SearchAction\",\"target\":{\"@type\":\"EntryPoint\",\"urlTemplate\":\"https:\\\/\\\/www.bekaformation.fr\\\/pro-formation-professionnelle-dordogne-beka-formation\\\/?s={search_term_string}\"},\"query-input\":{\"@type\":\"PropertyValueSpecification\",\"valueRequired\":true,\"valueName\":\"search_term_string\"}}],\"inLanguage\":\"fr-FR\"},{\"@type\":\"Organization\",\"@id\":\"https:\\\/\\\/www.bekaformation.fr\\\/pro-formation-professionnelle-dordogne-beka-formation\\\/#organization\",\"name\":\"BEKA Formation\",\"url\":\"https:\\\/\\\/www.bekaformation.fr\\\/pro-formation-professionnelle-dordogne-beka-formation\\\/\",\"logo\":{\"@type\":\"ImageObject\",\"inLanguage\":\"fr-FR\",\"@id\":\"https:\\\/\\\/www.bekaformation.fr\\\/pro-formation-professionnelle-dordogne-beka-formation\\\/#\\\/schema\\\/logo\\\/image\\\/\",\"url\":\"https:\\\/\\\/i0.wp.com\\\/www.bekaformation.fr\\\/wp-content\\\/uploads\\\/2021\\\/01\\\/cropped-cropped-cropped-cropped-Logo-BEKA-Transparent-e1630487208816.png?fit=100%2C55&ssl=1\",\"contentUrl\":\"https:\\\/\\\/i0.wp.com\\\/www.bekaformation.fr\\\/wp-content\\\/uploads\\\/2021\\\/01\\\/cropped-cropped-cropped-cropped-Logo-BEKA-Transparent-e1630487208816.png?fit=100%2C55&ssl=1\",\"width\":100,\"height\":55,\"caption\":\"BEKA Formation\"},\"image\":{\"@id\":\"https:\\\/\\\/www.bekaformation.fr\\\/pro-formation-professionnelle-dordogne-beka-formation\\\/#\\\/schema\\\/logo\\\/image\\\/\"},\"sameAs\":[\"https:\\\/\\\/www.facebook.com\\\/bekaformation\",\"https:\\\/\\\/www.linkedin.com\\\/company\\\/beka-formation\"]}]}<\/script>\n<!-- \/ Yoast SEO plugin. -->","yoast_head_json":{"title":"Politique de confidentialit\u00e9 - Ev\u00e8nement PCM Power -","robots":{"index":"index","follow":"follow","max-snippet":"max-snippet:-1","max-image-preview":"max-image-preview:large","max-video-preview":"max-video-preview:-1"},"canonical":"https:\/\/www.bekaformation.fr\/pro-formation-professionnelle-dordogne-beka-formation\/politique-de-confidentialite-evenement-pcm-power\/","og_locale":"fr_FR","og_type":"article","og_title":"Politique de confidentialit\u00e9 - Ev\u00e8nement PCM Power -","og_description":"Politique de confidentialit\u00e9 \u2013 \u00c9v\u00e9nement PCM Power 1. Responsable du traitement Les donn\u00e9es collect\u00e9es dans le cadre de l\u2019inscription \u00e0 l\u2019\u00e9v\u00e9nement PCM Power sont trait\u00e9es par : BEKA FormationPr\u00e9sidente : Karine BuffardOrganisme de formation \u2013 Bergerac (France) Pour toute question relative \u00e0 la protection des donn\u00e9es :\ud83d\udce7 contact@bekaformation.fr 2. Donn\u00e9es collect\u00e9es Dans le cadre de ... Lire la suite","og_url":"https:\/\/www.bekaformation.fr\/pro-formation-professionnelle-dordogne-beka-formation\/politique-de-confidentialite-evenement-pcm-power\/","article_publisher":"https:\/\/www.facebook.com\/bekaformation","article_modified_time":"2026-03-04T08:25:40+00:00","og_image":[{"width":200,"height":200,"url":"https:\/\/i0.wp.com\/www.bekaformation.fr\/wp-content\/uploads\/2021\/09\/Copie-de-BEKA-e1630487487763.png?fit=200%2C200&ssl=1","type":"image\/png"}],"twitter_card":"summary_large_image","twitter_misc":{"Dur\u00e9e de lecture estim\u00e9e":"2 minutes"},"schema":{"@context":"https:\/\/schema.org","@graph":[{"@type":"WebPage","@id":"https:\/\/www.bekaformation.fr\/pro-formation-professionnelle-dordogne-beka-formation\/politique-de-confidentialite-evenement-pcm-power\/","url":"https:\/\/www.bekaformation.fr\/pro-formation-professionnelle-dordogne-beka-formation\/politique-de-confidentialite-evenement-pcm-power\/","name":"Politique de confidentialit\u00e9 - Ev\u00e8nement PCM Power -","isPartOf":{"@id":"https:\/\/www.bekaformation.fr\/pro-formation-professionnelle-dordogne-beka-formation\/#website"},"datePublished":"2026-03-04T08:24:51+00:00","dateModified":"2026-03-04T08:25:40+00:00","breadcrumb":{"@id":"https:\/\/www.bekaformation.fr\/pro-formation-professionnelle-dordogne-beka-formation\/politique-de-confidentialite-evenement-pcm-power\/#breadcrumb"},"inLanguage":"fr-FR","potentialAction":[{"@type":"ReadAction","target":["https:\/\/www.bekaformation.fr\/pro-formation-professionnelle-dordogne-beka-formation\/politique-de-confidentialite-evenement-pcm-power\/"]}]},{"@type":"BreadcrumbList","@id":"https:\/\/www.bekaformation.fr\/pro-formation-professionnelle-dordogne-beka-formation\/politique-de-confidentialite-evenement-pcm-power\/#breadcrumb","itemListElement":[{"@type":"ListItem","position":1,"name":"Accueil","item":"https:\/\/www.bekaformation.fr\/pro-formation-professionnelle-dordogne-beka-formation\/"},{"@type":"ListItem","position":2,"name":"Politique de confidentialit\u00e9 &#8211; Ev\u00e8nement PCM Power"}]},{"@type":"WebSite","@id":"https:\/\/www.bekaformation.fr\/pro-formation-professionnelle-dordogne-beka-formation\/#website","url":"https:\/\/www.bekaformation.fr\/pro-formation-professionnelle-dordogne-beka-formation\/","name":"Beka Formation","description":"Formation professionnelle Dordogne","publisher":{"@id":"https:\/\/www.bekaformation.fr\/pro-formation-professionnelle-dordogne-beka-formation\/#organization"},"potentialAction":[{"@type":"SearchAction","target":{"@type":"EntryPoint","urlTemplate":"https:\/\/www.bekaformation.fr\/pro-formation-professionnelle-dordogne-beka-formation\/?s={search_term_string}"},"query-input":{"@type":"PropertyValueSpecification","valueRequired":true,"valueName":"search_term_string"}}],"inLanguage":"fr-FR"},{"@type":"Organization","@id":"https:\/\/www.bekaformation.fr\/pro-formation-professionnelle-dordogne-beka-formation\/#organization","name":"BEKA Formation","url":"https:\/\/www.bekaformation.fr\/pro-formation-professionnelle-dordogne-beka-formation\/","logo":{"@type":"ImageObject","inLanguage":"fr-FR","@id":"https:\/\/www.bekaformation.fr\/pro-formation-professionnelle-dordogne-beka-formation\/#\/schema\/logo\/image\/","url":"https:\/\/i0.wp.com\/www.bekaformation.fr\/wp-content\/uploads\/2021\/01\/cropped-cropped-cropped-cropped-Logo-BEKA-Transparent-e1630487208816.png?fit=100%2C55&ssl=1","contentUrl":"https:\/\/i0.wp.com\/www.bekaformation.fr\/wp-content\/uploads\/2021\/01\/cropped-cropped-cropped-cropped-Logo-BEKA-Transparent-e1630487208816.png?fit=100%2C55&ssl=1","width":100,"height":55,"caption":"BEKA Formation"},"image":{"@id":"https:\/\/www.bekaformation.fr\/pro-formation-professionnelle-dordogne-beka-formation\/#\/schema\/logo\/image\/"},"sameAs":["https:\/\/www.facebook.com\/bekaformation","https:\/\/www.linkedin.com\/company\/beka-formation"]}]}},"jetpack_sharing_enabled":true,"jetpack_likes_enabled":true,"_links":{"self":[{"href":"https:\/\/www.bekaformation.fr\/pro-formation-professionnelle-dordogne-beka-formation\/wp-json\/wp\/v2\/pages\/13582","targetHints":{"allow":["GET"]}}],"collection":[{"href":"https:\/\/www.bekaformation.fr\/pro-formation-professionnelle-dordogne-beka-formation\/wp-json\/wp\/v2\/pages"}],"about":[{"href":"https:\/\/www.bekaformation.fr\/pro-formation-professionnelle-dordogne-beka-formation\/wp-json\/wp\/v2\/types\/page"}],"author":[{"embeddable":true,"href":"https:\/\/www.bekaformation.fr\/pro-formation-professionnelle-dordogne-beka-formation\/wp-json\/wp\/v2\/users\/1"}],"replies":[{"embeddable":true,"href":"https:\/\/www.bekaformation.fr\/pro-formation-professionnelle-dordogne-beka-formation\/wp-json\/wp\/v2\/comments?post=13582"}],"version-history":[{"count":5,"href":"https:\/\/www.bekaformation.fr\/pro-formation-professionnelle-dordogne-beka-formation\/wp-json\/wp\/v2\/pages\/13582\/revisions"}],"predecessor-version":[{"id":13587,"href":"https:\/\/www.bekaformation.fr\/pro-formation-professionnelle-dordogne-beka-formation\/wp-json\/wp\/v2\/pages\/13582\/revisions\/13587"}],"wp:attachment":[{"href":"https:\/\/www.bekaformation.fr\/pro-formation-professionnelle-dordogne-beka-formation\/wp-json\/wp\/v2\/media?parent=13582"}],"curies":[{"name":"wp","href":"https:\/\/api.w.org\/{rel}","templated":true}]}}